{"id":417,"date":"2018-07-23T10:37:35","date_gmt":"2018-07-23T10:37:35","guid":{"rendered":"https:\/\/breizhfab.voyelle.mobi\/?page_id=417"},"modified":"2025-09-10T12:27:48","modified_gmt":"2025-09-10T12:27:48","slug":"accompagnement-individuel","status":"publish","type":"page","link":"https:\/\/www.breizhfab.bzh\/accompagnement-individuel\/","title":{"rendered":"Accompagnement individuel"},"content":{"rendered":"<p><img decoding=\"async\" class=\"size-full wp-image-12472 aligncenter\" src=\"https:\/\/www.breizhfab.bzh\/voy_content\/uploads\/2023\/06\/BF-2.png\" alt=\"\" width=\"1002\" height=\"481\" \/><\/p>\n<p>&nbsp;<\/p>\n<p style=\"text-align: center;\"><span style=\"color: #ec6700;\"><strong>Vous souhaitez renforcer la comp\u00e9titivit\u00e9 de votre entreprise et y voir clair sur les enjeux de transition ?\u00a0<\/strong><\/span><\/p>\n<p style=\"text-align: center;\"><a href=\"https:\/\/www.breizhfab.bzh\/voy_content\/uploads\/2023\/06\/BREIZH-FAB-Fiche-de-Candidature-au-programme-2023-2024.docx\"><img decoding=\"async\" class=\"alignnone wp-image-12497 size-full\" src=\"https:\/\/www.breizhfab.bzh\/voy_content\/uploads\/2023\/06\/bouton-1.png\" alt=\"\" width=\"336\" height=\"54\" srcset=\"https:\/\/www.breizhfab.bzh\/voy_content\/uploads\/2023\/06\/bouton-1.png 336w, https:\/\/www.breizhfab.bzh\/voy_content\/uploads\/2023\/06\/bouton-1-300x48.png 300w, https:\/\/www.breizhfab.bzh\/voy_content\/uploads\/2023\/06\/bouton-1-60x10.png 60w, https:\/\/www.breizhfab.bzh\/voy_content\/uploads\/2023\/06\/bouton-1-100x16.png 100w, https:\/\/www.breizhfab.bzh\/voy_content\/uploads\/2023\/06\/bouton-1-120x19.png 120w, https:\/\/www.breizhfab.bzh\/voy_content\/uploads\/2023\/06\/bouton-1-150x24.png 150w, https:\/\/www.breizhfab.bzh\/voy_content\/uploads\/2023\/06\/bouton-1-190x31.png 190w\" sizes=\"(max-width: 336px) 100vw, 336px\" \/><\/a><\/p>\n<p style=\"text-align: center;\"><strong>Et b\u00e9n\u00e9ficiez de solutions adapt\u00e9es \u00e0 votre besoin dans le cadre de notre parcours d&rsquo;accompagnement :\u00a0<\/strong><\/p>\n<p>&nbsp;<\/p>\n<ol>\n<li><span style=\"color: #ec6700;\"><strong>Etat des lieux<\/strong> (identification et \u00e9valuation des leviers pour mettre en place des actions) <strong>de 2 jours<\/strong><\/span> <strong>sur les enjeux de Transition Environnementale et de D\u00e9carbonation.<\/strong><\/li>\n<\/ol>\n<p><span style=\"color: #808080;\"><strong>&gt;&gt; L&rsquo;\u00e9tat des lieux est financ\u00e9 \u00e0 100% par le programme Breizh Fab\u00a0 <\/strong><\/span><span style=\"color: #808080;\"><strong>(seule la TVA sera \u00e0 avancer par l&rsquo;entreprise).<\/strong><\/span><\/p>\n<p>&nbsp;<\/p>\n<p><strong><span style=\"color: #ec6700;\">\u00a0 \u00a0 \u00a0 \u00a0 2.\u00a0 \u00a0Accompagnement individuel<\/span> de 2 \u00e0 10 jours, avec un ou plusieurs d\u00e9fis \u00e0 relever sur la p\u00e9riode 2023\/2024 :<\/strong><\/p>\n<ul>\n<li>Jusqu&rsquo;\u00e0 5 jours sur des d\u00e9fis \u00ab\u00a0Comp\u00e9titivit\u00e9\u00a0\u00bb.<\/li>\n<li>Jusqu&rsquo;\u00e0 10 jours sur des d\u00e9fis \u00ab\u00a0Transition\u00a0\u00bb.<\/li>\n<li>Jusqu&rsquo;\u00e0 4 d\u00e9fis diff\u00e9rents.<\/li>\n<\/ul>\n<p><span style=\"color: #808080;\"><strong>&gt;&gt; Les accompagnements individuels sont pris en charge \u00e0 hauteur de 67,5%.\u00a0 <\/strong><\/span><span style=\"color: #808080;\"><strong>Le co\u00fbt restant \u00e0 charge de la PME est de 325\u20ac HT par jour engag\u00e9.<\/strong><\/span><\/p>\n<p>&nbsp;<\/p>\n<p><img decoding=\"async\" class=\"size-full wp-image-12486 aligncenter\" src=\"https:\/\/www.breizhfab.bzh\/voy_content\/uploads\/2023\/06\/compet.png\" alt=\"\" width=\"989\" height=\"383\" srcset=\"https:\/\/www.breizhfab.bzh\/voy_content\/uploads\/2023\/06\/compet.png 989w, https:\/\/www.breizhfab.bzh\/voy_content\/uploads\/2023\/06\/compet-300x116.png 300w, https:\/\/www.breizhfab.bzh\/voy_content\/uploads\/2023\/06\/compet-768x297.png 768w, https:\/\/www.breizhfab.bzh\/voy_content\/uploads\/2023\/06\/compet-60x23.png 60w, https:\/\/www.breizhfab.bzh\/voy_content\/uploads\/2023\/06\/compet-100x39.png 100w, https:\/\/www.breizhfab.bzh\/voy_content\/uploads\/2023\/06\/compet-120x46.png 120w, https:\/\/www.breizhfab.bzh\/voy_content\/uploads\/2023\/06\/compet-150x58.png 150w, https:\/\/www.breizhfab.bzh\/voy_content\/uploads\/2023\/06\/compet-190x74.png 190w\" sizes=\"(max-width: 989px) 100vw, 989px\" \/><\/p>\n<p><img decoding=\"async\" class=\"size-full wp-image-12490 aligncenter\" src=\"https:\/\/www.breizhfab.bzh\/voy_content\/uploads\/2023\/06\/def-trans.png\" alt=\"\" width=\"933\" height=\"385\" srcset=\"https:\/\/www.breizhfab.bzh\/voy_content\/uploads\/2023\/06\/def-trans.png 933w, https:\/\/www.breizhfab.bzh\/voy_content\/uploads\/2023\/06\/def-trans-300x124.png 300w, https:\/\/www.breizhfab.bzh\/voy_content\/uploads\/2023\/06\/def-trans-768x317.png 768w, https:\/\/www.breizhfab.bzh\/voy_content\/uploads\/2023\/06\/def-trans-60x25.png 60w, https:\/\/www.breizhfab.bzh\/voy_content\/uploads\/2023\/06\/def-trans-100x41.png 100w, https:\/\/www.breizhfab.bzh\/voy_content\/uploads\/2023\/06\/def-trans-120x50.png 120w, https:\/\/www.breizhfab.bzh\/voy_content\/uploads\/2023\/06\/def-trans-150x62.png 150w, https:\/\/www.breizhfab.bzh\/voy_content\/uploads\/2023\/06\/def-trans-190x78.png 190w\" sizes=\"(max-width: 933px) 100vw, 933px\" \/><\/p>\n","protected":false},"excerpt":{"rendered":"<p>&nbsp; Vous souhaitez renforcer la comp\u00e9titivit\u00e9 de votre entreprise et y voir clair sur les enjeux de transition ?\u00a0 Et b\u00e9n\u00e9ficiez de solutions adapt\u00e9es \u00e0 votre besoin dans le cadre de notre parcours d&rsquo;accompagnement :\u00a0 &nbsp; Etat des lieux (identification et \u00e9valuation des leviers pour mettre en place des actions) de 2 jours sur les [&hellip;]<\/p>\n","protected":false},"author":1,"featured_media":0,"parent":0,"menu_order":0,"comment_status":"closed","ping_status":"closed","template":"","meta":{"_acf_changed":false,"footnotes":""},"class_list":["post-417","page","type-page","status-publish","hentry"],"acf":[],"yoast_head":"<!-- This site is optimized with the Yoast SEO plugin v27.0 - https:\/\/yoast.com\/product\/yoast-seo-wordpress\/ -->\n<title>Accompagnement individuel - BREIZH FAB<\/title>\n<meta name=\"robots\" content=\"index, follow, max-snippet:-1, max-image-preview:large, max-video-preview:-1\" \/>\n<link rel=\"canonical\" href=\"https:\/\/www.breizhfab.bzh\/accompagnement-individuel\/\" \/>\n<meta property=\"og:locale\" content=\"fr_FR\" \/>\n<meta property=\"og:type\" content=\"article\" \/>\n<meta property=\"og:title\" content=\"Accompagnement individuel - BREIZH FAB\" \/>\n<meta property=\"og:description\" content=\"&nbsp; Vous souhaitez renforcer la comp\u00e9titivit\u00e9 de votre entreprise et y voir clair sur les enjeux de transition ?\u00a0 Et b\u00e9n\u00e9ficiez de solutions adapt\u00e9es \u00e0 votre besoin dans le cadre de notre parcours d&rsquo;accompagnement :\u00a0 &nbsp; Etat des lieux (identification et \u00e9valuation des leviers pour mettre en place des actions) de 2 jours sur les [&hellip;]\" \/>\n<meta property=\"og:url\" content=\"https:\/\/www.breizhfab.bzh\/accompagnement-individuel\/\" \/>\n<meta property=\"og:site_name\" content=\"BREIZH FAB\" \/>\n<meta property=\"article:modified_time\" content=\"2025-09-10T12:27:48+00:00\" \/>\n<meta property=\"og:image\" content=\"https:\/\/www.breizhfab.bzh\/voy_content\/uploads\/2023\/06\/BF-2-e1709549800758.png\" \/>\n\t<meta property=\"og:image:width\" content=\"1002\" \/>\n\t<meta property=\"og:image:height\" content=\"443\" \/>\n\t<meta property=\"og:image:type\" content=\"image\/png\" \/>\n<meta name=\"twitter:card\" content=\"summary_large_image\" \/>\n<meta name=\"twitter:label1\" content=\"Dur\u00e9e de lecture estim\u00e9e\" \/>\n\t<meta name=\"twitter:data1\" content=\"2 minutes\" \/>\n<script type=\"application\/ld+json\" class=\"yoast-schema-graph\">{\"@context\":\"https:\/\/schema.org\",\"@graph\":[{\"@type\":\"WebPage\",\"@id\":\"https:\/\/www.breizhfab.bzh\/accompagnement-individuel\/\",\"url\":\"https:\/\/www.breizhfab.bzh\/accompagnement-individuel\/\",\"name\":\"Accompagnement individuel - BREIZH FAB\",\"isPartOf\":{\"@id\":\"https:\/\/www.breizhfab.bzh\/#website\"},\"primaryImageOfPage\":{\"@id\":\"https:\/\/www.breizhfab.bzh\/accompagnement-individuel\/#primaryimage\"},\"image\":{\"@id\":\"https:\/\/www.breizhfab.bzh\/accompagnement-individuel\/#primaryimage\"},\"thumbnailUrl\":\"https:\/\/www.breizhfab.bzh\/voy_content\/uploads\/2023\/06\/BF-2.png\",\"datePublished\":\"2018-07-23T10:37:35+00:00\",\"dateModified\":\"2025-09-10T12:27:48+00:00\",\"breadcrumb\":{\"@id\":\"https:\/\/www.breizhfab.bzh\/accompagnement-individuel\/#breadcrumb\"},\"inLanguage\":\"fr-FR\",\"potentialAction\":[{\"@type\":\"ReadAction\",\"target\":[\"https:\/\/www.breizhfab.bzh\/accompagnement-individuel\/\"]}]},{\"@type\":\"ImageObject\",\"inLanguage\":\"fr-FR\",\"@id\":\"https:\/\/www.breizhfab.bzh\/accompagnement-individuel\/#primaryimage\",\"url\":\"https:\/\/www.breizhfab.bzh\/voy_content\/uploads\/2023\/06\/BF-2-e1709549800758.png\",\"contentUrl\":\"https:\/\/www.breizhfab.bzh\/voy_content\/uploads\/2023\/06\/BF-2-e1709549800758.png\",\"width\":1002,\"height\":443},{\"@type\":\"BreadcrumbList\",\"@id\":\"https:\/\/www.breizhfab.bzh\/accompagnement-individuel\/#breadcrumb\",\"itemListElement\":[{\"@type\":\"ListItem\",\"position\":1,\"name\":\"Accueil\",\"item\":\"https:\/\/www.breizhfab.bzh\/\"},{\"@type\":\"ListItem\",\"position\":2,\"name\":\"Accompagnement individuel\"}]},{\"@type\":\"WebSite\",\"@id\":\"https:\/\/www.breizhfab.bzh\/#website\",\"url\":\"https:\/\/www.breizhfab.bzh\/\",\"name\":\"BREIZH FAB\",\"description\":\"Just another WordPress site\",\"potentialAction\":[{\"@type\":\"SearchAction\",\"target\":{\"@type\":\"EntryPoint\",\"urlTemplate\":\"https:\/\/www.breizhfab.bzh\/?s={search_term_string}\"},\"query-input\":{\"@type\":\"PropertyValueSpecification\",\"valueRequired\":true,\"valueName\":\"search_term_string\"}}],\"inLanguage\":\"fr-FR\"}]}<\/script>\n<!-- \/ Yoast SEO plugin. -->","yoast_head_json":{"title":"Accompagnement individuel - BREIZH FAB","robots":{"index":"index","follow":"follow","max-snippet":"max-snippet:-1","max-image-preview":"max-image-preview:large","max-video-preview":"max-video-preview:-1"},"canonical":"https:\/\/www.breizhfab.bzh\/accompagnement-individuel\/","og_locale":"fr_FR","og_type":"article","og_title":"Accompagnement individuel - BREIZH FAB","og_description":"&nbsp; Vous souhaitez renforcer la comp\u00e9titivit\u00e9 de votre entreprise et y voir clair sur les enjeux de transition ?\u00a0 Et b\u00e9n\u00e9ficiez de solutions adapt\u00e9es \u00e0 votre besoin dans le cadre de notre parcours d&rsquo;accompagnement :\u00a0 &nbsp; Etat des lieux (identification et \u00e9valuation des leviers pour mettre en place des actions) de 2 jours sur les [&hellip;]","og_url":"https:\/\/www.breizhfab.bzh\/accompagnement-individuel\/","og_site_name":"BREIZH FAB","article_modified_time":"2025-09-10T12:27:48+00:00","og_image":[{"width":1002,"height":443,"url":"https:\/\/www.breizhfab.bzh\/voy_content\/uploads\/2023\/06\/BF-2-e1709549800758.png","type":"image\/png"}],"twitter_card":"summary_large_image","twitter_misc":{"Dur\u00e9e de lecture estim\u00e9e":"2 minutes"},"schema":{"@context":"https:\/\/schema.org","@graph":[{"@type":"WebPage","@id":"https:\/\/www.breizhfab.bzh\/accompagnement-individuel\/","url":"https:\/\/www.breizhfab.bzh\/accompagnement-individuel\/","name":"Accompagnement individuel - BREIZH FAB","isPartOf":{"@id":"https:\/\/www.breizhfab.bzh\/#website"},"primaryImageOfPage":{"@id":"https:\/\/www.breizhfab.bzh\/accompagnement-individuel\/#primaryimage"},"image":{"@id":"https:\/\/www.breizhfab.bzh\/accompagnement-individuel\/#primaryimage"},"thumbnailUrl":"https:\/\/www.breizhfab.bzh\/voy_content\/uploads\/2023\/06\/BF-2.png","datePublished":"2018-07-23T10:37:35+00:00","dateModified":"2025-09-10T12:27:48+00:00","breadcrumb":{"@id":"https:\/\/www.breizhfab.bzh\/accompagnement-individuel\/#breadcrumb"},"inLanguage":"fr-FR","potentialAction":[{"@type":"ReadAction","target":["https:\/\/www.breizhfab.bzh\/accompagnement-individuel\/"]}]},{"@type":"ImageObject","inLanguage":"fr-FR","@id":"https:\/\/www.breizhfab.bzh\/accompagnement-individuel\/#primaryimage","url":"https:\/\/www.breizhfab.bzh\/voy_content\/uploads\/2023\/06\/BF-2-e1709549800758.png","contentUrl":"https:\/\/www.breizhfab.bzh\/voy_content\/uploads\/2023\/06\/BF-2-e1709549800758.png","width":1002,"height":443},{"@type":"BreadcrumbList","@id":"https:\/\/www.breizhfab.bzh\/accompagnement-individuel\/#breadcrumb","itemListElement":[{"@type":"ListItem","position":1,"name":"Accueil","item":"https:\/\/www.breizhfab.bzh\/"},{"@type":"ListItem","position":2,"name":"Accompagnement individuel"}]},{"@type":"WebSite","@id":"https:\/\/www.breizhfab.bzh\/#website","url":"https:\/\/www.breizhfab.bzh\/","name":"BREIZH FAB","description":"Just another WordPress site","potentialAction":[{"@type":"SearchAction","target":{"@type":"EntryPoint","urlTemplate":"https:\/\/www.breizhfab.bzh\/?s={search_term_string}"},"query-input":{"@type":"PropertyValueSpecification","valueRequired":true,"valueName":"search_term_string"}}],"inLanguage":"fr-FR"}]}},"_links":{"self":[{"href":"https:\/\/www.breizhfab.bzh\/voy_api\/wp\/v2\/pages\/417","targetHints":{"allow":["GET"]}}],"collection":[{"href":"https:\/\/www.breizhfab.bzh\/voy_api\/wp\/v2\/pages"}],"about":[{"href":"https:\/\/www.breizhfab.bzh\/voy_api\/wp\/v2\/types\/page"}],"author":[{"embeddable":true,"href":"https:\/\/www.breizhfab.bzh\/voy_api\/wp\/v2\/users\/1"}],"replies":[{"embeddable":true,"href":"https:\/\/www.breizhfab.bzh\/voy_api\/wp\/v2\/comments?post=417"}],"version-history":[{"count":66,"href":"https:\/\/www.breizhfab.bzh\/voy_api\/wp\/v2\/pages\/417\/revisions"}],"predecessor-version":[{"id":13610,"href":"https:\/\/www.breizhfab.bzh\/voy_api\/wp\/v2\/pages\/417\/revisions\/13610"}],"wp:attachment":[{"href":"https:\/\/www.breizhfab.bzh\/voy_api\/wp\/v2\/media?parent=417"}],"curies":[{"name":"wp","href":"https:\/\/api.w.org\/{rel}","templated":true}]}}