{"version":"1.0","provider_name":"BREIZH FAB","provider_url":"https:\/\/www.breizhfab.bzh","author_name":"Sylvain Gourlaouen","author_url":"https:\/\/www.breizhfab.bzh\/author\/sylvain-gourlaouen\/","title":"[ Webinaire ] \"Opportunit\u00e9s march\u00e9\" du v\u00e9lo \u00e9lectrique - BREIZH FAB","type":"rich","width":600,"height":338,"html":"<blockquote class=\"wp-embedded-content\" data-secret=\"QhtzcQG8ea\"><a href=\"https:\/\/www.breizhfab.bzh\/agenda\/webinaire-opportunites-marche-du-velo-electrique\/\">[ Webinaire ] \u00ab\u00a0Opportunit\u00e9s march\u00e9\u00a0\u00bb du v\u00e9lo \u00e9lectrique<\/a><\/blockquote><iframe sandbox=\"allow-scripts\" security=\"restricted\" src=\"https:\/\/www.breizhfab.bzh\/agenda\/webinaire-opportunites-marche-du-velo-electrique\/embed\/#?secret=QhtzcQG8ea\" width=\"600\" height=\"338\" title=\"\u00ab\u00a0[ Webinaire ] \u00ab\u00a0Opportunit\u00e9s march\u00e9\u00a0\u00bb du v\u00e9lo \u00e9lectrique\u00a0\u00bb &#8212; BREIZH FAB\" data-secret=\"QhtzcQG8ea\" frameborder=\"0\" marginwidth=\"0\" marginheight=\"0\" scrolling=\"no\" class=\"wp-embedded-content\"><\/iframe><script type=\"text\/javascript\">\n\/* <![CDATA[ *\/\n\/*! This file is auto-generated *\/\n!function(d,l){\"use strict\";l.querySelector&&d.addEventListener&&\"undefined\"!=typeof URL&&(d.wp=d.wp||{},d.wp.receiveEmbedMessage||(d.wp.receiveEmbedMessage=function(e){var t=e.data;if((t||t.secret||t.message||t.value)&&!\/[^a-zA-Z0-9]\/.test(t.secret)){for(var s,r,n,a=l.querySelectorAll('iframe[data-secret=\"'+t.secret+'\"]'),o=l.querySelectorAll('blockquote[data-secret=\"'+t.secret+'\"]'),c=new RegExp(\"^https?:$\",\"i\"),i=0;i<o.length;i++)o[i].style.display=\"none\";for(i=0;i<a.length;i++)s=a[i],e.source===s.contentWindow&&(s.removeAttribute(\"style\"),\"height\"===t.message?(1e3<(r=parseInt(t.value,10))?r=1e3:~~r<200&&(r=200),s.height=r):\"link\"===t.message&&(r=new URL(s.getAttribute(\"src\")),n=new URL(t.value),c.test(n.protocol))&&n.host===r.host&&l.activeElement===s&&(d.top.location.href=t.value))}},d.addEventListener(\"message\",d.wp.receiveEmbedMessage,!1),l.addEventListener(\"DOMContentLoaded\",function(){for(var e,t,s=l.querySelectorAll(\"iframe.wp-embedded-content\"),r=0;r<s.length;r++)(t=(e=s[r]).getAttribute(\"data-secret\"))||(t=Math.random().toString(36).substring(2,12),e.src+=\"#?secret=\"+t,e.setAttribute(\"data-secret\",t)),e.contentWindow.postMessage({message:\"ready\",secret:t},\"*\")},!1)))}(window,document);\n\/\/# sourceURL=https:\/\/www.breizhfab.bzh\/wp-includes\/js\/wp-embed.min.js\n\/* ]]> *\/\n<\/script>\n","description":"En parall\u00e8le des rencontres Prospective Industries, votre Comit\u00e9 de D\u00e9veloppement des Industries de Bretagne (CDIB), vous propose, un webinaire opportunit\u00e9 march\u00e9 autour du v\u00e9lo \u00e9lectrique, le jeudi 30 juin 2022, de 11h \u00e0 12h. &nbsp; Le march\u00e9 du v\u00e9lo \u00e9lectrique Evolution et tendances du march\u00e9 du cycle Face aux enjeux environnementaux, aux probl\u00e9matiques de congestion [&hellip;]","thumbnail_url":"https:\/\/www.breizhfab.bzh\/voy_content\/uploads\/2018\/08\/logo-CDIB-2018_Plan-de-travail-1-1-300x126.png"}